{"id":12,"date":"2020-01-11T09:30:08","date_gmt":"2020-01-11T09:30:08","guid":{"rendered":"https:\/\/praxisfuerpsychotherapie-luft.de\/?page_id=12"},"modified":"2020-05-01T15:41:13","modified_gmt":"2020-05-01T15:41:13","slug":"test03","status":"publish","type":"page","link":"https:\/\/praxisfuerpsychotherapie-luft.de\/?page_id=12","title":{"rendered":"Traumaarbeit"},"content":{"rendered":"\n<figure class=\"wp-block-image size-large\"><img loading=\"lazy\" decoding=\"async\" width=\"1024\" height=\"229\" src=\"https:\/\/praxisfuerpsychotherapie-luft.de\/wp-content\/uploads\/2020\/05\/HPPjedeSeite-1024x229.jpg\" alt=\"\" class=\"wp-image-141\" srcset=\"https:\/\/praxisfuerpsychotherapie-luft.de\/wp-content\/uploads\/2020\/05\/HPPjedeSeite-1024x229.jpg 1024w, https:\/\/praxisfuerpsychotherapie-luft.de\/wp-content\/uploads\/2020\/05\/HPPjedeSeite-300x67.jpg 300w, https:\/\/praxisfuerpsychotherapie-luft.de\/wp-content\/uploads\/2020\/05\/HPPjedeSeite-768x172.jpg 768w, https:\/\/praxisfuerpsychotherapie-luft.de\/wp-content\/uploads\/2020\/05\/HPPjedeSeite-1536x343.jpg 1536w, https:\/\/praxisfuerpsychotherapie-luft.de\/wp-content\/uploads\/2020\/05\/HPPjedeSeite-2048x457.jpg 2048w, https:\/\/praxisfuerpsychotherapie-luft.de\/wp-content\/uploads\/2020\/05\/HPPjedeSeite-150x34.jpg 150w\" sizes=\"auto, (max-width: 1024px) 100vw, 1024px\" \/><\/figure>\n\n\n\n<p>Wenn uns Ereignisse physisch und psychisch so \u00fcberfordern, dass wir sie mit den normalen Bew\u00e4ltigungsstrategien nicht mehr verarbeiten k\u00f6nnen, kann es passieren, dass wir anschlie\u00dfend an verschiedenartigen Symptomen leiden: <strong><span style=\"color:#ecdf7a\" class=\"has-inline-color\">Angstzust\u00e4nde, Panikattacken, Alptr\u00e4ume, Flashbacks, Sozialer R\u00fcckzug, Isolation, Vermeidung von Situationen, Handlungen und Dingen, Emotionale Abgestumpftheit, Kontrollzwang, Unf\u00e4higkeit, sich zu freuen, Konzentrationsschwierigkeiten, Leistungsschw\u00e4che, Ersch\u00f6pfungszust\u00e4nde, Erinnerungsl\u00fccken oder gar Missbrauch von Alkohol, Drogen oder Medikamenten.<\/span><\/strong><\/p>\n\n\n\n<p>Derartige Traumafolgesymptome entstehen nicht durch das traumatische Erlebnis selbst, sondern durch erstarrte Energie, die nach dem Abklingen des traumatischen Erlebnis nicht aufgel\u00f6st worden ist. <strong><span style=\"color:#ecdf7a\" class=\"has-inline-color\">K\u00f6rper, Geist und Seele verbleiben in schockiertem Zustand.<\/span><\/strong><\/p>\n\n\n\n<p>Die traumatische Erfahrung zeigt uns auf, wie ohnm\u00e4chtig und hilflos wir waren, wir nichts tun konnten, wir zuschauen oder gar erleben mussten, wie etwas passiert ist, ohne es verhindern zu k\u00f6nnen. <strong><span style=\"color:#ecdf7a\" class=\"has-inline-color\">H\u00e4ufig ist dadurch das Gef\u00fchl der Sicherheit ins Leben zutiefst ersch\u00fcttert.<\/span><\/strong><\/p>\n\n\n\n<p>Ab sofort werden wir zur Wahrung unserer Sicherheit bewusst oder unbewusst auf Reize reagieren, die uns an die traumatische Erfahrung erinnern. Das vegetative Nervensystem verbleibt in erh\u00f6hter Alarmbereitschaft und antwortet mit der Aussch\u00fcttung von Stresshormonen, worauf das Herz schneller schl\u00e4gt, die Atemfrequenz erh\u00f6ht, Schwei\u00df abgesondert wird. Diese <strong><span style=\"color:#ecdf7a\" class=\"has-inline-color\">dauerhafte und stete Stressbelastung<\/span><\/strong>, die Bindung an die urspr\u00fcnglich traumatische Erfahrung,&nbsp; hindert uns daran, ein erf\u00fclltes, gesundes und friedliches Leben zu leben im Hier und Jetzt.<\/p>\n\n\n\n<p>Auch wenn wir die Vergangenheit nicht r\u00fcckg\u00e4ngig machen k\u00f6nnen, so gibt es doch <strong><span style=\"color:#ecdf7a\" class=\"has-inline-color\">wirksame Techniken<\/span><\/strong>, um einen traumatisierten Organismus wieder zu beruhigen, <strong><span style=\"color:#ecdf7a\" class=\"has-inline-color\">Stress abzubauen<\/span><\/strong>, die traumatische Erfahrung Vergangenheit werden&nbsp; zu lassen und wieder <strong><span style=\"color:#ecdf7a\" class=\"has-inline-color\">innere Sicherheit, Handlungsf\u00e4higkeit und Freude am Leben<\/span><\/strong> zu erlangen.<\/p>\n\n\n\n<p><br><strong><span style=\"color:#ecdf7a\" class=\"has-inline-color\">Im Rahmen der Traumaarbeit erkunden wir:<\/span><\/strong><\/p>\n\n\n\n<ul class=\"wp-block-list\"><li>Die innere Sinnhaftigkeit der gezeigten Symptome und Belastungen<\/li><li>Den Zugang zu Ihren Ressourcen und F\u00e4higkeiten<\/li><li>Wie Sie Stresszust\u00e4nde regulieren k\u00f6nnen<\/li><li>Wie Sie belastende Gef\u00fchle verarbeiten k\u00f6nnen<\/li><li>Wie Sie in Kontakt mit Ihrer inneren Wahrheit kommen und der Freude am Leben wieder mehr Raum geben k\u00f6nnen<\/li><\/ul>\n\n\n\n<p><\/p>\n\n\n\n<p><\/p>\n\n\n\n<p><\/p>\n\n\n\n<p><\/p>\n","protected":false},"excerpt":{"rendered":"<p>Wenn uns Ereignisse physisch und psychisch so \u00fcberfordern, dass wir sie mit den normalen Bew\u00e4ltigungsstrategien nicht mehr verarbeiten k\u00f6nnen, kann es passieren, dass wir anschlie\u00dfend an verschiedenartigen Symptomen leiden: Angstzust\u00e4nde, Panikattacken, Alptr\u00e4ume, Flashbacks, Sozialer R\u00fcckzug, Isolation, Vermeidung von Situationen, Handlungen und Dingen, Emotionale Abgestumpftheit, Kontrollzwang, Unf\u00e4higkeit, sich zu freuen, Konzentrationsschwierigkeiten,&#8230;<\/p>\n<p class=\"continue-reading-button\"> <a class=\"continue-reading-link\" href=\"https:\/\/praxisfuerpsychotherapie-luft.de\/?page_id=12\">Continue reading<i class=\"crycon-right-dir\"><\/i><\/a><\/p>\n","protected":false},"author":1,"featured_media":0,"parent":0,"menu_order":0,"comment_status":"closed","ping_status":"closed","template":"","meta":{"footnotes":""},"class_list":["post-12","page","type-page","status-publish","hentry"],"_links":{"self":[{"href":"https:\/\/praxisfuerpsychotherapie-luft.de\/index.php?rest_route=\/wp\/v2\/pages\/12","targetHints":{"allow":["GET"]}}],"collection":[{"href":"https:\/\/praxisfuerpsychotherapie-luft.de\/index.php?rest_route=\/wp\/v2\/pages"}],"about":[{"href":"https:\/\/praxisfuerpsychotherapie-luft.de\/index.php?rest_route=\/wp\/v2\/types\/page"}],"author":[{"embeddable":true,"href":"https:\/\/praxisfuerpsychotherapie-luft.de\/index.php?rest_route=\/wp\/v2\/users\/1"}],"replies":[{"embeddable":true,"href":"https:\/\/praxisfuerpsychotherapie-luft.de\/index.php?rest_route=%2Fwp%2Fv2%2Fcomments&post=12"}],"version-history":[{"count":13,"href":"https:\/\/praxisfuerpsychotherapie-luft.de\/index.php?rest_route=\/wp\/v2\/pages\/12\/revisions"}],"predecessor-version":[{"id":142,"href":"https:\/\/praxisfuerpsychotherapie-luft.de\/index.php?rest_route=\/wp\/v2\/pages\/12\/revisions\/142"}],"wp:attachment":[{"href":"https:\/\/praxisfuerpsychotherapie-luft.de\/index.php?rest_route=%2Fwp%2Fv2%2Fmedia&parent=12"}],"curies":[{"name":"wp","href":"https:\/\/api.w.org\/{rel}","templated":true}]}}